{"id":2330,"date":"2010-03-14T17:06:55","date_gmt":"2010-03-14T16:06:55","guid":{"rendered":"http:\/\/www.fambrenner.de\/Kaffeebohne\/wordpress\/?page_id=2330"},"modified":"2025-12-29T21:00:42","modified_gmt":"2025-12-29T20:00:42","slug":"rezepte-risotto","status":"publish","type":"page","link":"https:\/\/www.fambrenner.de\/Kaffeebohne\/wordpress\/rezepte-risotto\/","title":{"rendered":"Rezepte: Risotto"},"content":{"rendered":"<p>Kategorie <a href=\"http:\/\/www.fambrenner.de\/Kaffeebohne\/wordpress\/category\/risotto\/\">Risotto<\/a><\/p>\n<p><strong>A<\/strong><br \/>\n<strong>B<\/strong><br \/>\n<a href=\"http:\/\/www.fambrenner.de\/Kaffeebohne\/wordpress\/2012\/04\/05\/veggie-tag-barlauch-risotto-mit-parmesan\/\">B\u00e4rlauch-Risotto mit Parmesan<\/a><br \/>\n<a href=\"http:\/\/www.fambrenner.de\/Kaffeebohne\/wordpress\/2014\/03\/31\/garten-koch-event-marz-spinat-die-zweite\/\">Blattspinat-Risotto<\/a><br \/>\n<strong>C<\/strong><br \/>\n<a href=\"http:\/\/www.fambrenner.de\/Kaffeebohne\/wordpress\/2007\/10\/13\/cremiges-kurbisrisotto\/\">Cremiges K\u00fcrbisrisotto<\/a><br \/>\n<strong>D<\/strong><br \/>\n<strong>E<\/strong><br \/>\n<a href=\"http:\/\/www.fambrenner.de\/Kaffeebohne\/wordpress\/2014\/11\/08\/erbsen-risotto-mit-lachs\/\">Erbsen-Risotto mit Lachs<\/a><br \/>\n<strong>F<\/strong><br \/>\n<a href=\"http:\/\/www.fambrenner.de\/Kaffeebohne\/wordpress\/2017\/01\/12\/veggie-tag-feiner-erbsen-risotto\/\" rel=\"noopener noreferrer\" target=\"_blank\">Feiner Erbsen-Risotto<\/a><br \/>\n<a href=\"http:\/\/www.fambrenner.de\/Kaffeebohne\/wordpress\/2016\/01\/28\/veggie-tag-feldsalat-risotto\/\" rel=\"noopener noreferrer\" target=\"_blank\">Feldsalat-Risotto<\/a><br \/>\n<a href=\"https:\/\/www.fambrenner.de\/Kaffeebohne\/wordpress\/2025\/09\/18\/veggie-tag-fenchel-safran-risotto-mit-gebratenen-pilzen\/\" rel=\"noopener\" target=\"_blank\">Fenchel-Safran-Risotto mit gebratenen Pilzen<\/a><br \/>\n<strong>G<\/strong><br \/>\n<a href=\"https:\/\/www.fambrenner.de\/Kaffeebohne\/wordpress\/2021\/01\/02\/gefuellte-paprika-mit-tomatenrisotto\/\" rel=\"noopener\" target=\"_blank\">Gef\u00fcllte Paprika mit Tomatenrisotto<\/a><br \/>\n<a href=\"http:\/\/www.fambrenner.de\/Kaffeebohne\/wordpress\/2017\/02\/23\/veggie-tag-gemuse-risotto\/\" rel=\"noopener noreferrer\" target=\"_blank\">Gem\u00fcse-Risotto<\/a><br \/>\n<a href=\"https:\/\/www.fambrenner.de\/Kaffeebohne\/wordpress\/2021\/05\/16\/gruener-erbsen-risotto-mit-zitronen-ricotta\/\" rel=\"noopener\" target=\"_blank\">Gr\u00fcner Erbsen-Risotto mit Zitronen-Ricotta<\/a><br \/>\n<a href=\"https:\/\/www.fambrenner.de\/Kaffeebohne\/wordpress\/2022\/06\/09\/blog-event-clxxxvi-gruen-gruenes-risotto-mit-fruehlingsgemuese\/\" rel=\"noopener\" target=\"_blank\">Gr\u00fcnes Risotto mit Fr\u00fchlingsgem\u00fcse<\/a><br \/>\n<a href=\"https:\/\/www.fambrenner.de\/Kaffeebohne\/wordpress\/2021\/06\/13\/gruenes-spargelrisotto-mit-walnuessen\/\" rel=\"noopener\" target=\"_blank\">Gr\u00fcnes Spargelrisotto mit Waln\u00fcssen<\/a><br \/>\n<strong>H<\/strong><br \/>\n<strong>I<\/strong><br \/>\n<a href=\"http:\/\/www.fambrenner.de\/Kaffeebohne\/wordpress\/2013\/12\/19\/veggie-tag-italienisches-steinpilz-risotto\/\">Italienisches Steinpilzrisotto<\/a><br \/>\n<strong>J<\/strong><br \/>\n<a href=\"http:\/\/www.fambrenner.de\/Kaffeebohne\/wordpress\/2015\/11\/19\/veggie-tag-modulares-kochen\/\">Grundrezept (Jamie Oliver)<\/a><br \/>\n<strong>K<\/strong><br \/>\n<a href=\"http:\/\/www.fambrenner.de\/Kaffeebohne\/wordpress\/2012\/06\/07\/veggie-tag-kartoffel-risotto\/\">Kartoffelrisotto<\/a><br \/>\n<a href=\"https:\/\/www.fambrenner.de\/Kaffeebohne\/wordpress\/2021\/11\/23\/krauter-risotto\/\" rel=\"noopener\" target=\"_blank\">Kr\u00e4uter-Risotto<\/a><br \/>\n<a href=\"http:\/\/www.fambrenner.de\/Kaffeebohne\/wordpress\/2017\/11\/18\/krauter-risotto-mit-geraucherter-forelle\/\" rel=\"noopener noreferrer\" target=\"_blank\">Kr\u00e4uter-Risotto mit ger\u00e4ucherter Forelle<\/a><br \/>\n<a href=\"http:\/\/www.fambrenner.de\/Kaffeebohne\/wordpress\/2014\/10\/07\/nachgekocht-kurbis-risotto-mit-walnuss\/\">K\u00fcrbis-Risotto mit Walnuss<\/a><br \/>\n<strong>L<\/strong><br \/>\n<a href=\"http:\/\/www.fambrenner.de\/Kaffeebohne\/wordpress\/2014\/01\/18\/lachs-fenchel-risotto\/\">Lachs-Fenchel-Risotto<\/a><br \/>\n<a href=\"http:\/\/www.fambrenner.de\/Kaffeebohne\/wordpress\/2017\/04\/08\/lauch-risotto-mit-chorizo\/\" rel=\"noopener noreferrer\" target=\"_blank\">Lauch-Risotto mit Chorizo<\/a><br \/>\n<a href=\"http:\/\/www.fambrenner.de\/Kaffeebohne\/wordpress\/2012\/06\/28\/veggie-tag-limettenrisotto\/\">Limettenrisotto<\/a><br \/>\n<strong>M<\/strong><br \/>\n<a href=\"https:\/\/www.fambrenner.de\/Kaffeebohne\/wordpress\/2021\/08\/21\/moehren-paprika-risotto-mit-oliven\/\" rel=\"noopener\" target=\"_blank\">M\u00f6hren-Paprika-Risotto mit Oliven<\/a><br \/>\n<strong>N<\/strong><br \/>\n<a href=\"http:\/\/www.fambrenner.de\/Kaffeebohne\/wordpress\/2013\/01\/05\/nudel-risotto\/\">Nudel-Risotto<\/a><br \/>\n<a href=\"http:\/\/www.fambrenner.de\/Kaffeebohne\/wordpress\/2007\/02\/25\/nudelrisotto-mit-gemuse\/\">Nudelrisotto mit Gem\u00fcse<\/a><br \/>\n<strong>O<\/strong><br \/>\n<a href=\"http:\/\/www.fambrenner.de\/Kaffeebohne\/wordpress\/2014\/05\/15\/veggie-tag-orzo-risotto-primavera\/\">Orzo-Risotto Primavera<\/a><br \/>\n<strong>P<\/strong><br \/>\n<a href=\"http:\/\/www.fambrenner.de\/Kaffeebohne\/wordpress\/2012\/07\/12\/veggie-tag-nachgekocht-paprikarisotto\/\">Paprikarisotto<\/a><br \/>\n<a href=\"http:\/\/www.fambrenner.de\/Kaffeebohne\/wordpress\/2008\/06\/25\/paprika-risotto-mit-lardo\/\">Paprika-Risotto mit Lardo<\/a><br \/>\n<a href=\"http:\/\/www.fambrenner.de\/Kaffeebohne\/wordpress\/2009\/02\/06\/parmesanrisotto\/\">Parmesanrisotto<\/a><br \/>\n<a href=\"http:\/\/www.fambrenner.de\/Kaffeebohne\/wordpress\/2019\/02\/17\/petersilien-risotto-mit-chorizo\/\" rel=\"noopener noreferrer\" target=\"_blank\">Petersilien-Risotto mit Chorizo<\/a><br \/>\n<a href=\"http:\/\/www.fambrenner.de\/Kaffeebohne\/wordpress\/2006\/04\/02\/pinienkernrisotto\/\">Pinienkernrisotto<\/a><br \/>\n<strong>Q<\/strong><br \/>\n<strong>R<\/strong><br \/>\n<a href=\"http:\/\/www.fambrenner.de\/Kaffeebohne\/wordpress\/2009\/01\/05\/riso-e-patate-risotto-mit-kartoffeln-und-rosmarin\/\">Riso e patate &#8211; Risotto mit Kartoffeln und Rosmarin<\/a><br \/>\n<a href=\"http:\/\/www.fambrenner.de\/Kaffeebohne\/wordpress\/2010\/03\/14\/risotto-al-tonno-thunfischrisotto\/\">Risotto al tonno<\/a><br \/>\n<a href=\"http:\/\/www.fambrenner.de\/Kaffeebohne\/wordpress\/2009\/01\/31\/risotto-alla-cipolla\/\">Risotto alla cipolla<\/a><br \/>\n<a href=\"http:\/\/www.fambrenner.de\/Kaffeebohne\/wordpress\/2005\/12\/28\/risotto-bianco-con-pesto\/\">Risotto biano con pesto<\/a><br \/>\n<a href=\"http:\/\/www.fambrenner.de\/Kaffeebohne\/wordpress\/2009\/07\/25\/risotto-cinque-terre\/\">Risotto Cinque Terre<\/a><br \/>\n<a href=\"http:\/\/www.fambrenner.de\/Kaffeebohne\/wordpress\/2006\/08\/06\/risotto-con-zucchini-e-melanzane\/\">Risotto con Zucchini e Melanzane<\/a><br \/>\n<a href=\"http:\/\/www.fambrenner.de\/Kaffeebohne\/wordpress\/2009\/01\/17\/risotto-con-gli-spinaci-spinatrisotto\/\">Risotto con gli Spinacchi &#8211; Spinatrisotto<\/a><br \/>\n<a href=http:\/\/www.fambrenner.de\/Kaffeebohne\/wordpress\/2011\/06\/30\/veggie-tag-risotto-mit-auberginen-und-zucchini\/\">Risotto mit Auberginen und Zucchini<\/a><br \/>\n<a href=\"https:\/\/www.fambrenner.de\/Kaffeebohne\/wordpress\/2019\/11\/21\/veggie-tag-risotto-mit-brokkoli\/\" rel=\"noopener noreferrer\" target=\"_blank\">Risotto mit Brokkoli<\/a><br \/>\n<a href=\"http:\/\/www.fambrenner.de\/Kaffeebohne\/wordpress\/2006\/02\/05\/blog-event-ix-risotto\/\">Risotto mit Fenchel<\/a><br \/>\n<a href=\"https:\/\/www.fambrenner.de\/Kaffeebohne\/wordpress\/2021\/04\/25\/risotto-mit-geroesteten-tomaten\/\" rel=\"noopener noreferrer\" target=\"_blank\">Risotto mit ger\u00f6steten Tomaten<\/a><br \/>\n<a href=\"http:\/\/www.fambrenner.de\/Kaffeebohne\/wordpress\/2017\/08\/17\/veggie-tag-risotto-mit-getrockneten-tomaten\/\" rel=\"noopener noreferrer\" target=\"_blank\">Risotto mit getrockneten Tomaten<\/a><br \/>\n<a href=\"http:\/\/www.fambrenner.de\/Kaffeebohne\/wordpress\/2012\/12\/15\/risotto-mit-kastanien\/\">Risotto mit Kastanien<\/a><br \/>\n<a href=\"http:\/\/www.fambrenner.de\/Kaffeebohne\/wordpress\/2016\/03\/03\/veggie-tag-risotto-mediterran\/\" rel=\"noopener noreferrer\" target=\"_blank\">Risotto mediteran<\/a><br \/>\n<a href=\"http:\/\/www.fambrenner.de\/Kaffeebohne\/wordpress\/2018\/09\/20\/veggie-tag-risotto-mit-mais-und-zucchini\/\" rel=\"noopener noreferrer\" target=\"_blank\">Risotto mit Mais und Zucchini<\/a><br \/>\n<a href=\"https:\/\/www.fambrenner.de\/Kaffeebohne\/wordpress\/2022\/11\/05\/blog-event-cxci-hygge-cozy-risotto-mit-nuessen\/\" rel=\"noopener\" target=\"_blank\">Risotto mit N\u00fcssen<\/a><br \/>\n<a href=\"http:\/\/www.fambrenner.de\/Kaffeebohne\/wordpress\/2015\/09\/24\/veggie-tag-risotto-mit-pfifferlingen\/\">Risotto mit Pfifferlingen<\/a><br \/>\n<a href=\"http:\/\/www.fambrenner.de\/Kaffeebohne\/wordpress\/2005\/11\/19\/risotto-mit-raucherlachs\/\">Risotto mit R\u00e4ucherlachs<\/a><br \/>\n<a href=\"http:\/\/www.fambrenner.de\/Kaffeebohne\/wordpress\/2006\/07\/05\/risotto-mit-zucchini\/\">Risotto mit Zucchini<\/a><br \/>\n<a href=\"http:\/\/www.fambrenner.de\/Kaffeebohne\/wordpress\/2014\/09\/23\/nachgekocht-risotto-mit-zucchini-und-kirschtomaten\/\">Risotto mit Zucchini und Kirschtomaten<\/a><br \/>\n<a href=\"http:\/\/www.fambrenner.de\/Kaffeebohne\/wordpress\/2010\/04\/18\/nachgekocht-risotto-ohne-reis\/\">Risotto ohne Reis &#8211; Krihatrotto<\/a><br \/>\n<a href=\"http:\/\/www.fambrenner.de\/Kaffeebohne\/wordpress\/2013\/04\/04\/veggie-tag-rotwein-risotto\/\">Rotwein-Risotto<\/a><br \/>\n<strong>S<\/strong><br \/>\n<a href=\"https:\/\/www.fambrenner.de\/Kaffeebohne\/wordpress\/2023\/04\/13\/veggie-tag-safran-risotto-mit-parmesancreme-und-pilzen\/\" rel=\"noopener\" target=\"_blank\">Safran-Risotto mit Parmesancreme und Pilzen<\/a><br \/>\n<a href=\"http:\/\/www.fambrenner.de\/Kaffeebohne\/wordpress\/2013\/05\/23\/veggie-tag-safran-risotto-mit-wein-und-kase\/\">Safranrisotto mit Wein und K\u00e4se<\/a><br \/>\n<a href=\"http:\/\/www.fambrenner.de\/Kaffeebohne\/wordpress\/2013\/05\/16\/veggie-tag-spargel-risotto\/\">Spargel-Risotto<\/a><br \/>\n<a href=\"http:\/\/www.fambrenner.de\/Kaffeebohne\/wordpress\/2006\/10\/01\/sizilianisches-risotto\/\">Sizilianisches Risotto<\/a><br \/>\n<strong>T<\/strong><br \/>\n<a href=\"http:\/\/www.fambrenner.de\/Kaffeebohne\/wordpress\/2014\/06\/19\/veggie-tag-tomaten-risotto-mit-mozzarella\/\">Tomaten-Risotto mit Mozzarella<\/a><br \/>\n<a href=\"http:\/\/www.fambrenner.de\/Kaffeebohne\/wordpress\/2013\/11\/28\/veggie-tag-tomaten-risotto-mit-oliven-und-basilikum\/\">Tomaten-Risotto mit Oliven und Basilikum<\/a><br \/>\n<strong>U<\/strong><br \/>\n<strong>V<\/strong><br \/>\n<strong>W<\/strong><br \/>\n<strong>X<\/strong><br \/>\n<strong>Y<\/strong><br \/>\n<strong>Z<\/strong><br \/>\n<a href=\"http:\/\/www.fambrenner.de\/Kaffeebohne\/wordpress\/2015\/05\/03\/zitronen-risotto\/\">Zitronenrisotto<\/a><br \/>\n<a href=\"http:\/\/www.fambrenner.de\/Kaffeebohne\/wordpress\/2011\/07\/14\/veggie-tag-zitronenrisotto\/\">Zitronenrisotto (Meuth, Neuner-Duttenhofer)<\/a><br \/>\n<a href=\"http:\/\/www.fambrenner.de\/Kaffeebohne\/wordpress\/2018\/11\/22\/veggie-tag-jamie-olivers-zucchini-risotto\/\" rel=\"noopener noreferrer\" target=\"_blank\">Zucchini-Risotto<\/a><\/p>\n<p>Stand: 31.12.2025<\/p>\n","protected":false},"excerpt":{"rendered":"<p>Kategorie Risotto A B B\u00e4rlauch-Risotto mit Parmesan Blattspinat-Risotto C Cremiges K\u00fcrbisrisotto D E Erbsen-Risotto mit Lachs F Feiner Erbsen-Risotto Feldsalat-Risotto Fenchel-Safran-Risotto mit gebratenen Pilzen G Gef\u00fcllte Paprika mit Tomatenrisotto Gem\u00fcse-Risotto Gr\u00fcner Erbsen-Risotto mit Zitronen-Ricotta Gr\u00fcnes Risotto mit Fr\u00fchlingsgem\u00fcse Gr\u00fcnes Spargelrisotto mit Waln\u00fcssen H I Italienisches Steinpilzrisotto J Grundrezept (Jamie Oliver) K Kartoffelrisotto Kr\u00e4uter-Risotto Kr\u00e4uter-Risotto mit &hellip; <\/p>\n<p class=\"link-more\"><a href=\"https:\/\/www.fambrenner.de\/Kaffeebohne\/wordpress\/rezepte-risotto\/\" class=\"more-link\"><span class=\"screen-reader-text\">\u201eRezepte: Risotto\u201c<\/span> weiterlesen<\/a><\/p>\n","protected":false},"author":1,"featured_media":0,"parent":0,"menu_order":0,"comment_status":"open","ping_status":"open","template":"","meta":{"footnotes":""},"jetpack_sharing_enabled":true,"_links":{"self":[{"href":"https:\/\/www.fambrenner.de\/Kaffeebohne\/wordpress\/wp-json\/wp\/v2\/pages\/2330"}],"collection":[{"href":"https:\/\/www.fambrenner.de\/Kaffeebohne\/wordpress\/wp-json\/wp\/v2\/pages"}],"about":[{"href":"https:\/\/www.fambrenner.de\/Kaffeebohne\/wordpress\/wp-json\/wp\/v2\/types\/page"}],"author":[{"embeddable":true,"href":"https:\/\/www.fambrenner.de\/Kaffeebohne\/wordpress\/wp-json\/wp\/v2\/users\/1"}],"replies":[{"embeddable":true,"href":"https:\/\/www.fambrenner.de\/Kaffeebohne\/wordpress\/wp-json\/wp\/v2\/comments?post=2330"}],"version-history":[{"count":48,"href":"https:\/\/www.fambrenner.de\/Kaffeebohne\/wordpress\/wp-json\/wp\/v2\/pages\/2330\/revisions"}],"predecessor-version":[{"id":13203,"href":"https:\/\/www.fambrenner.de\/Kaffeebohne\/wordpress\/wp-json\/wp\/v2\/pages\/2330\/revisions\/13203"}],"wp:attachment":[{"href":"https:\/\/www.fambrenner.de\/Kaffeebohne\/wordpress\/wp-json\/wp\/v2\/media?parent=2330"}],"curies":[{"name":"wp","href":"https:\/\/api.w.org\/{rel}","templated":true}]}}