{"id":11919,"date":"2021-10-12T12:27:29","date_gmt":"2021-10-12T10:27:29","guid":{"rendered":"https:\/\/www.fambrenner.de\/Kaffeebohne\/wordpress\/?page_id=11919"},"modified":"2021-10-12T12:27:29","modified_gmt":"2021-10-12T10:27:29","slug":"rezepte-2020","status":"publish","type":"page","link":"https:\/\/www.fambrenner.de\/Kaffeebohne\/wordpress\/rezepte-2020\/","title":{"rendered":"Rezepte 2020"},"content":{"rendered":"<p><strong>Dezember<\/strong><br \/>\n<a href=\"http:\/\/www.fambrenner.de\/Kaffeebohne\/wordpress\/2020\/12\/10\/veggie-tag-ueberbackene-kuerbis-spinat-nudeln\/\" rel=\"noopener noreferrer\" target=\"_blank\">\u00dcberbackene K\u00fcrbis-Spinat-Nudeln<\/a><br \/>\n<a href=\"http:\/\/www.fambrenner.de\/Kaffeebohne\/wordpress\/2020\/12\/08\/scharfe-asia-huehnersuppe\/\" rel=\"noopener noreferrer\" target=\"_blank\">Scharfe Asia-H\u00fchersuppe<\/a><br \/>\n<a href=\"http:\/\/www.fambrenner.de\/Kaffeebohne\/wordpress\/2020\/12\/01\/gemueseeintopf-mit-erdnuessen\/\" rel=\"noopener noreferrer\" target=\"_blank\">Gem\u00fcseeintopf mit Erdn\u00fcssen<\/a><\/p>\n<p><strong>November<\/strong><br \/>\n<a href=\"http:\/\/www.fambrenner.de\/Kaffeebohne\/wordpress\/2020\/11\/29\/blog-event-deutsche-kueche-schleswig-holstein-krabben-mit-ruehrei-und-radieschen\/\" rel=\"noopener noreferrer\" target=\"_blank\">Krabben-R\u00fchrei mit Radieschen<\/a><br \/>\n<a href=\"http:\/\/www.fambrenner.de\/Kaffeebohne\/wordpress\/2020\/11\/27\/blumenkohl-brokkoli-suppe\/\" rel=\"noopener noreferrer\" target=\"_blank\">Blumenkohl-Brokkoli-Suppe<\/a><br \/>\n<a href=\"http:\/\/www.fambrenner.de\/Kaffeebohne\/wordpress\/2020\/11\/25\/koch-mein-rezept-kaffeebohne-zu-gast-bei-herbs-chocolate-kuerbis-curry-mit-spinat-und-kokosmilch\/\" rel=\"noopener noreferrer\" target=\"_blank\">K\u00fcrbis-Curry mit Spinat und Kokosmilch<\/a><br \/>\n<a href=\"http:\/\/www.fambrenner.de\/Kaffeebohne\/wordpress\/2020\/11\/19\/veggie-tag-zwiebelkuchen-aus-certaldo\/\" rel=\"noopener noreferrer\" target=\"_blank\">Zwiebelkuchen aus Certaldo<\/a><br \/>\n<a href=\"http:\/\/www.fambrenner.de\/Kaffeebohne\/wordpress\/2020\/11\/12\/veggie-tag-kuerbis-bolognese\/\" rel=\"noopener noreferrer\" target=\"_blank\">K\u00fcrbis-Bolognese<\/a><br \/>\n<a href=\"http:\/\/www.fambrenner.de\/Kaffeebohne\/wordpress\/2020\/11\/10\/blog-event-clixi-herbstgenuss-pilz-tagliatelle\/\" rel=\"noopener noreferrer\" target=\"_blank\">Pilz-Tagliatelle<\/a><\/p>\n<p><strong>Oktober<\/strong><br \/>\n<a href=\"http:\/\/www.fambrenner.de\/Kaffeebohne\/wordpress\/2020\/10\/28\/tuerkische-linsensuppe\/\" rel=\"noopener noreferrer\" target=\"_blank\">T\u00fcrkische Linsensuppe<\/a><br \/>\n<a href=\"http:\/\/www.fambrenner.de\/Kaffeebohne\/wordpress\/2020\/10\/25\/apfel-walnuss-tarte\/\" rel=\"noopener noreferrer\" target=\"_blank\">Apfel-Walnuss-Tarte<\/a><br \/>\n<a href=\"http:\/\/www.fambrenner.de\/Kaffeebohne\/wordpress\/2020\/10\/18\/pflaumentarte-mit-zimtstreuseln\/\" rel=\"noopener noreferrer\" target=\"_blank\">Pflaumentarte mit Zimtstreuseln<\/a><br \/>\n<a href=\"http:\/\/www.fambrenner.de\/Kaffeebohne\/wordpress\/2020\/10\/15\/veggie-tag-zwiebelkuchen-mit-schalotten-balsamico-fuellung\/\" rel=\"noopener noreferrer\" target=\"_blank\">Zwiebelkuchen (Schalotten-Balsamico-F\u00fcllung)<\/a><br \/>\n<a href=\"http:\/\/www.fambrenner.de\/Kaffeebohne\/wordpress\/2020\/10\/13\/blog-event-deutsche-kueche-nordrhein-westfalen-westfaelische-potthucke\/\" rel=\"noopener noreferrer\" target=\"_blank\">Westf\u00e4lische Potthucke<\/a><br \/>\n<a href=\"http:\/\/www.fambrenner.de\/Kaffeebohne\/wordpress\/2020\/10\/01\/veggie-tag-orientalische-kartoffelplaetzchen\/\" rel=\"noopener noreferrer\" target=\"_blank\">Orientalische Kartoffelpl\u00e4tzchen<\/a><\/p>\n<p><strong>September<\/strong><br \/>\n<a href=\"http:\/\/www.fambrenner.de\/Kaffeebohne\/wordpress\/2020\/09\/29\/kichererbsen-spanischer-art-aus-dem-slowcooker\/\" rel=\"noopener noreferrer\" target=\"_blank\">Kichererbsen spansicher Art aus dem Slowcooker<\/a><br \/>\n<a href=\"http:\/\/www.fambrenner.de\/Kaffeebohne\/wordpress\/2020\/09\/28\/koch-mein-rezept-kaffeebohne-zu-gast-bei-jenny-is-baking-arepas-mit-haehnchen-guacamolefuellung\/\" rel=\"noopener noreferrer\" target=\"_blank\">Arepas mit H\u00e4hnchen-Guacamolef\u00fcllung<\/a><br \/>\n<a href=\"http:\/\/www.fambrenner.de\/Kaffeebohne\/wordpress\/2020\/09\/25\/lieblings-kartoffelssalat-schwaebische-art\/\" rel=\"noopener noreferrer\" target=\"_blank\">Kartoffelsalat schw\u00e4bische Art<\/a><br \/>\n<a href=\"http:\/\/www.fambrenner.de\/Kaffeebohne\/wordpress\/2020\/09\/24\/veggie-tag-pilzquiche\/\" rel=\"noopener noreferrer\" target=\"_blank\">Pilzquiche<\/a><br \/>\n<a href=\"http:\/\/www.fambrenner.de\/Kaffeebohne\/wordpress\/2020\/09\/22\/blitz-nudeln-mit-lachs-und-spinat\/\" rel=\"noopener noreferrer\" target=\"_blank\">Blitz-Nudeln mit Lachs und Spinat<\/a><br \/>\n<a href=\"http:\/\/www.fambrenner.de\/Kaffeebohne\/wordpress\/2020\/09\/17\/veggie-tag-vegetarische-tarte-provencale\/\" rel=\"noopener noreferrer\" target=\"_blank\">vegetarische Tarte provencale<\/a><br \/>\n<a href=\"http:\/\/www.fambrenner.de\/Kaffeebohne\/wordpress\/2020\/09\/15\/herbstliche-suppe-aus-dem-slowcooker\/\" rel=\"noopener noreferrer\" target=\"_blank\">Herbstliche Suppe aus dem Slowcooker<\/a><br \/>\n<a href=\"http:\/\/www.fambrenner.de\/Kaffeebohne\/wordpress\/2020\/09\/10\/veggie-tag-tomaten-parmesan-sommer-quiche\/\" rel=\"noopener noreferrer\" target=\"_blank\">Tomaten-Parmesan-Sommer-Quiche<\/a><br \/>\n<a href=\"http:\/\/www.fambrenner.de\/Kaffeebohne\/wordpress\/2020\/09\/08\/italienische-linsensuppe-aus-dem-slowcooker\/\" rel=\"noopener noreferrer\" target=\"_blank\">Italienische Linsensuppe aus dem Slowcooker<\/a><br \/>\n<a href=\"http:\/\/www.fambrenner.de\/Kaffeebohne\/wordpress\/2020\/09\/05\/kleiner-pflaumenkuchen\/\" rel=\"noopener noreferrer\" target=\"_blank\">Kleiner Pflaumenkuchen<\/a><br \/>\n<a href=\"https:\/\/www.fambrenner.de\/Kaffeebohne\/wordpress\/2020\/09\/01\/suesskartoffel-kokos-suppe-aus-dem-slowcooker\/\" rel=\"noopener noreferrer\" target=\"_blank\">S\u00fc\u00dfkartoffel-Kokos-Suppe<\/a><\/p>\n<p><strong>August<\/strong><br \/>\n<a href=\"http:\/\/www.fambrenner.de\/Kaffeebohne\/wordpress\/2020\/08\/26\/synchronbacken-50-butterkuchen\/\" rel=\"noopener noreferrer\" target=\"_blank\">Butterkuchen<\/a><br \/>\n<a href=\"http:\/\/www.fambrenner.de\/Kaffeebohne\/wordpress\/2020\/08\/25\/cheeseburger-suppe-aus-dem-slowcooker\/\" rel=\"noopener noreferrer\" target=\"_blank\">Cheeseburger-Suppe aus dem Slowcooker<\/a><br \/>\n<a href=\"http:\/\/www.fambrenner.de\/Kaffeebohne\/wordpress\/2020\/08\/23\/gnocchi-mit-pilzrahm\/\" rel=\"noopener noreferrer\" target=\"_blank\">Gnocchi mit Pilzrahm<\/a><br \/>\n<a href=\"http:\/\/www.fambrenner.de\/Kaffeebohne\/wordpress\/2020\/08\/20\/veggie-tag-kalte-buttermilch-gemuese-suppe\/\" rel=\"noopener noreferrer\" target=\"_blank\">Kalte Buttermilch-Gem\u00fcse-Suppe<\/a><br \/>\n<a href=\"http:\/\/www.fambrenner.de\/Kaffeebohne\/wordpress\/2020\/08\/11\/paprika-walnuss-pasta\/\" rel=\"noopener noreferrer\" target=\"_blank\">Paprika-Walnuss-Pasta<\/a><\/p>\n<p><strong>Juli<\/strong><br \/>\n<a href=\"http:\/\/www.fambrenner.de\/Kaffeebohne\/wordpress\/2020\/07\/31\/wuerzige-tomatenbutter\/\" rel=\"noopener noreferrer\" target=\"_blank\">W\u00fcrzige Tomatenbutter<\/a><br \/>\n<a href=\"http:\/\/www.fambrenner.de\/Kaffeebohne\/wordpress\/2020\/07\/27\/koch-mein-rezept-kaffeebohne-zu-gast-bei-zimtkringel-suess-saure-alblinsen-mit-salsiccia\/\" rel=\"noopener noreferrer\" target=\"_blank\">s\u00fc\u00df-saure Alblinsen mit Salsiccia<\/a><br \/>\n<a href=\"http:\/\/www.fambrenner.de\/Kaffeebohne\/wordpress\/2020\/07\/26\/kulinarische-weltreise-schweden-schwedischer-garnelencocktail\/\" rel=\"noopener noreferrer\" target=\"_blank\">Schwedischer Garnelencocktail<\/a><br \/>\n<a href=\"http:\/\/www.fambrenner.de\/Kaffeebohne\/wordpress\/2020\/07\/22\/synchronbacken-49-rosette-soffiate\/\" rel=\"noopener noreferrer\" target=\"_blank\">Rosette Soffiate<\/a><br \/>\n<a href=\"http:\/\/www.fambrenner.de\/Kaffeebohne\/wordpress\/2020\/07\/19\/kulinarische-weltreise-schweden-sommersalat\/\" rel=\"noopener noreferrer\" target=\"_blank\">Sommersalat<\/a><br \/>\n<a href=\"http:\/\/www.fambrenner.de\/Kaffeebohne\/wordpress\/2020\/07\/12\/blog-event-deutsche-kueche-berlin-weissenseer-bouillon-kartoffeln\/\" rel=\"noopener noreferrer\" target=\"_blank\">Weissenseer Bouillon-Kartoffeln<\/a><br \/>\n<a href=\"http:\/\/www.fambrenner.de\/Kaffeebohne\/wordpress\/2020\/07\/05\/upside-down-kuchen-mit-ananas-und-karamell\/\" rel=\"noopener noreferrer\" target=\"_blank\">Upside-Down Kuchen mit Ananas und Karamell<\/a><\/p>\n<p><strong>Juni<\/strong><br \/>\n<a href=\"http:\/\/www.fambrenner.de\/Kaffeebohne\/wordpress\/2020\/06\/30\/kartoffel-spinat-eintopf\/\" rel=\"noopener noreferrer\" target=\"_blank\">Kartoffel-Spinat-Eintopf<\/a><br \/>\n<a href=\"http:\/\/www.fambrenner.de\/Kaffeebohne\/wordpress\/2020\/06\/17\/synchronbacken-48-ciabatta\/\" rel=\"noopener noreferrer\" target=\"_blank\">Ciabatta<\/a><br \/>\n<a href=\"http:\/\/www.fambrenner.de\/Kaffeebohne\/wordpress\/2020\/06\/14\/blog-event-deutsche-kueche-bayern-rohrnudeln-mit-pflaumenmarmelade\/\" rel=\"noopener noreferrer\" target=\"_blank\">Rohrnudeln mit Pflaumenmarmelade<\/a><br \/>\n<a href=\"http:\/\/www.fambrenner.de\/Kaffeebohne\/wordpress\/2020\/06\/11\/veggie-tag-kriharaki-mit-spinat-und-feta\/\" rel=\"noopener noreferrer\" target=\"_blank\">Kriharaki mit Spinat und Feta<\/a><br \/>\n<a href=\"http:\/\/www.fambrenner.de\/Kaffeebohne\/wordpress\/2020\/06\/10\/blog-event-deutsche-kueche-bayern-brezensalat\/\" rel=\"noopener noreferrer\" target=\"_blank\">Breznsalat<\/a><br \/>\n<a href=\"http:\/\/www.fambrenner.de\/Kaffeebohne\/wordpress\/2020\/06\/06\/reloaded-babka\/\" rel=\"noopener noreferrer\" target=\"_blank\">Babka<\/a><br \/>\n<a href=\"http:\/\/www.fambrenner.de\/Kaffeebohne\/wordpress\/2020\/06\/04\/blog-event-clxiv-einfach-gut-one-pot-pasta-caprese\/\" rel=\"noopener noreferrer\" target=\"_blank\">One-Pot Pasta Caprese<\/a><\/p>\n<p><strong>Mai<\/strong><br \/>\n<a href=\"http:\/\/www.fambrenner.de\/Kaffeebohne\/wordpress\/2020\/05\/29\/tramezzini-mit-thunfisch-tomaten-creme\/\" rel=\"noopener noreferrer\" target=\"_blank\">Tramezzini mit Thunfisch-Tomaten-Creme<\/a><br \/>\n<a href=\"http:\/\/www.fambrenner.de\/Kaffeebohne\/wordpress\/2020\/05\/26\/kulinarische-weltreise-frankreich-zwiebel-tarte\/\" rel=\"noopener noreferrer\" target=\"_blank\">Zwiebel-Tarte<\/a><br \/>\n<a href=\"http:\/\/www.fambrenner.de\/Kaffeebohne\/wordpress\/2020\/05\/23\/apfelkuchen-vom-blech\/\" rel=\"noopener noreferrer\" target=\"_blank\">Apfelkuchen vom Blech<\/a><br \/>\n<a href=\"http:\/\/www.fambrenner.de\/Kaffeebohne\/wordpress\/2020\/05\/20\/synchronbacken-47-sommerliche-babkas\/\" rel=\"noopener noreferrer\" target=\"_blank\">Sommerliche Babkas<\/a><br \/>\n<a href=\"http:\/\/www.fambrenner.de\/Kaffeebohne\/wordpress\/2020\/05\/19\/gemuese-kokos-suppe\/\" rel=\"noopener noreferrer\" target=\"_blank\">Gem\u00fcse-Kokos-Suppe<\/a><br \/>\n<a href=\"http:\/\/www.fambrenner.de\/Kaffeebohne\/wordpress\/2020\/05\/09\/apfelkuchen-mit-ingwer\/\" rel=\"noopener noreferrer\" target=\"_blank\">Apfelkuchen mit Ingwer<\/a><br \/>\n<a href=\"http:\/\/www.fambrenner.de\/Kaffeebohne\/wordpress\/2020\/05\/07\/veggie-tag-pastasotto-alla-verdura\/\" rel=\"noopener noreferrer\" target=\"_blank\">Pastasotti alla Verdura<\/a><\/p>\n<p><strong>April<\/strong><br \/>\n<a href=\"http:\/\/www.fambrenner.de\/Kaffeebohne\/wordpress\/2020\/04\/23\/krautsalat-nach-einem-rezept-von-bjoern-freitag\/\" rel=\"noopener noreferrer\" target=\"_blank\">Krautsalat nach einem Rezept von Bj\u00f6rn Freitag<\/a><br \/>\n<a href=\"http:\/\/www.fambrenner.de\/Kaffeebohne\/wordpress\/2020\/04\/13\/rosenkuchen-mit-kirschen\/\" rel=\"noopener noreferrer\" target=\"_blank\">Rosenkuchen mit Kirschen<\/a><\/p>\n<p><strong>M\u00e4rz<\/strong><br \/>\n<a href=\"http:\/\/www.fambrenner.de\/Kaffeebohne\/wordpress\/2020\/03\/29\/nudeln-mit-olivenpesto\/\" rel=\"noopener noreferrer\" target=\"_blank\">Nudeln mit Olivenpesto<\/a><br \/>\n<a href=\"http:\/\/www.fambrenner.de\/Kaffeebohne\/wordpress\/2020\/03\/25\/synchronbacken-45-ciabatta\/\" rel=\"noopener noreferrer\" target=\"_blank\">Ciabatta<\/a><br \/>\n<a href=\"http:\/\/www.fambrenner.de\/Kaffeebohne\/wordpress\/2020\/03\/22\/kulinarische-weltreise-spanien-kichererbsen-mit-chorizo\/\" rel=\"noopener noreferrer\" target=\"_blank\">Kichererbsen mit Chorizo<\/a><br \/>\n<a href=\"http:\/\/www.fambrenner.de\/Kaffeebohne\/wordpress\/2020\/03\/10\/polenta-nockerln-als-suppeneinlage\/\" rel=\"noopener noreferrer\" target=\"_blank\">Polenta-Nockerln als Suppeneinlage<\/a><br \/>\n<a href=\"http:\/\/www.fambrenner.de\/Kaffeebohne\/wordpress\/2020\/03\/07\/kulinarische-weltreise-spanien-spanischer-mandelkuchen\/\" rel=\"noopener noreferrer\" target=\"_blank\">Spanischer Mandelkuchen<\/a><br \/>\n<a href=\"http:\/\/www.fambrenner.de\/Kaffeebohne\/wordpress\/2020\/03\/05\/veggie-tag-gefuellte-paprika-mit-hirse\/\" rel=\"noopener noreferrer\" target=\"_blank\">Gef\u00fcllte Paprika mit Hirse<\/a><br \/>\n<a href=\"http:\/\/www.fambrenner.de\/Kaffeebohne\/wordpress\/2020\/03\/03\/mais-karotten-chowder-aus-dem-slowcooker\/\" rel=\"noopener noreferrer\" target=\"_blank\">Mais-Karotten-Chowder aus dem Slowcooker<\/a><\/p>\n<p><strong>Februar<\/strong><br \/>\n<a href=\"http:\/\/www.fambrenner.de\/Kaffeebohne\/wordpress\/2020\/02\/29\/pulled-apart-bread-mit-zimt-und-apfel\/\" rel=\"noopener noreferrer\" target=\"_blank\">Pulled apart bread mit Zimt und Apfel<\/a><br \/>\n<a href=\"http:\/\/www.fambrenner.de\/Kaffeebohne\/wordpress\/2020\/02\/27\/veggie-tag-schnelles-wirsing-polenta-gratin\/\" rel=\"noopener noreferrer\" target=\"_blank\">Schnelles Wirsing-Polenta-Gratin<\/a><br \/>\n<a href=\"http:\/\/www.fambrenner.de\/Kaffeebohne\/wordpress\/2020\/02\/22\/nachgebacken-mohngugelhupf-mit-zuckerglasur-aka-zuckerguss\/\" rel=\"noopener noreferrer\" target=\"_blank\">Mohngugelhupf mit Zuckerglasur aka Zuckerguss<\/a><br \/>\n<a href=\"http:\/\/www.fambrenner.de\/Kaffeebohne\/wordpress\/2020\/02\/20\/veggie-tag-spaetzle-mit-champignon-spinat-sauce\/\" rel=\"noopener noreferrer\" target=\"_blank\">Sp\u00e4tzle mit Champignon-Spinat-Sauce<\/a><br \/>\n<a href=\"http:\/\/www.fambrenner.de\/Kaffeebohne\/wordpress\/2020\/02\/18\/low-carb-tex-mex-auflauf\/\" rel=\"noopener noreferrer\" target=\"_blank\">Low Carb Tex Mex Auflauf<\/a><br \/>\n<a href=\"http:\/\/www.fambrenner.de\/Kaffeebohne\/wordpress\/2020\/02\/14\/blog-event-clx-zitrusfruechte\/\" rel=\"noopener noreferrer\" target=\"_blank\">Ingwer-Limetten-Gelee<\/a><br \/>\n<a href=\"http:\/\/www.fambrenner.de\/Kaffeebohne\/wordpress\/2020\/02\/11\/wirsing-graupen-eintopf\/\" rel=\"noopener noreferrer\" target=\"_blank\">Wirsing-Graupen-Eintopf<\/a><br \/>\n<a href=\"http:\/\/www.fambrenner.de\/Kaffeebohne\/wordpress\/2020\/02\/08\/pulled-chicken-sandwich\/\" rel=\"noopener noreferrer\" target=\"_blank\">Pulled chicken Sandwich<\/a><br \/>\n<a href=\"http:\/\/www.fambrenner.de\/Kaffeebohne\/wordpress\/2020\/02\/06\/veggie-tag-blumenkohl-curry-mit-roten-linsen\/\" rel=\"noopener noreferrer\" target=\"_blank\">Blumenkohl-Curry mit roten Linsen<\/a><br \/>\n<a href=\"http:\/\/www.fambrenner.de\/Kaffeebohne\/wordpress\/2020\/02\/04\/erbsen-frittata\/\" rel=\"noopener noreferrer\" target=\"_blank\">Erbsen-Frittata<\/a><\/p>\n<p><strong>Januar<\/strong><br \/>\n<a href=\"http:\/\/www.fambrenner.de\/Kaffeebohne\/wordpress\/2020\/01\/29\/kulinarische-weltreise-ungarn-beigel-dios-es-makos-beigli\/\" rel=\"noopener noreferrer\" target=\"_blank\">Beigel<\/a><br \/>\n<a href=\"http:\/\/www.fambrenner.de\/Kaffeebohne\/wordpress\/2020\/01\/26\/gebratener-reis-huo-tui-dan-chao-fan\/\" rel=\"noopener noreferrer\" target=\"_blank\">Gebratener Reis<\/a><br \/>\n<a href=\"http:\/\/www.fambrenner.de\/Kaffeebohne\/wordpress\/2020\/01\/21\/spitzkohlsuppe-mit-nudeln\/\" rel=\"noopener noreferrer\" target=\"_blank\">Spitzkohlsuppe mit Nudeln<\/a><br \/>\n<a href=\"http:\/\/www.fambrenner.de\/Kaffeebohne\/wordpress\/2020\/01\/19\/mandarinen-kaesekuchen\/\" rel=\"noopener noreferrer\" target=\"_blank\">Mandarinen-K\u00e4sekuchen<\/a><\/p>\n","protected":false},"excerpt":{"rendered":"<p>Dezember \u00dcberbackene K\u00fcrbis-Spinat-Nudeln Scharfe Asia-H\u00fchersuppe Gem\u00fcseeintopf mit Erdn\u00fcssen November Krabben-R\u00fchrei mit Radieschen Blumenkohl-Brokkoli-Suppe K\u00fcrbis-Curry mit Spinat und Kokosmilch Zwiebelkuchen aus Certaldo K\u00fcrbis-Bolognese Pilz-Tagliatelle Oktober T\u00fcrkische Linsensuppe Apfel-Walnuss-Tarte Pflaumentarte mit Zimtstreuseln Zwiebelkuchen (Schalotten-Balsamico-F\u00fcllung) Westf\u00e4lische Potthucke Orientalische Kartoffelpl\u00e4tzchen September Kichererbsen spansicher Art aus dem Slowcooker Arepas mit H\u00e4hnchen-Guacamolef\u00fcllung Kartoffelsalat schw\u00e4bische Art Pilzquiche Blitz-Nudeln mit Lachs und Spinat &hellip; <\/p>\n<p class=\"link-more\"><a href=\"https:\/\/www.fambrenner.de\/Kaffeebohne\/wordpress\/rezepte-2020\/\" class=\"more-link\"><span class=\"screen-reader-text\">\u201eRezepte 2020\u201c<\/span> weiterlesen<\/a><\/p>\n","protected":false},"author":1,"featured_media":0,"parent":0,"menu_order":0,"comment_status":"closed","ping_status":"closed","template":"","meta":{"footnotes":""},"jetpack_sharing_enabled":true,"_links":{"self":[{"href":"https:\/\/www.fambrenner.de\/Kaffeebohne\/wordpress\/wp-json\/wp\/v2\/pages\/11919"}],"collection":[{"href":"https:\/\/www.fambrenner.de\/Kaffeebohne\/wordpress\/wp-json\/wp\/v2\/pages"}],"about":[{"href":"https:\/\/www.fambrenner.de\/Kaffeebohne\/wordpress\/wp-json\/wp\/v2\/types\/page"}],"author":[{"embeddable":true,"href":"https:\/\/www.fambrenner.de\/Kaffeebohne\/wordpress\/wp-json\/wp\/v2\/users\/1"}],"replies":[{"embeddable":true,"href":"https:\/\/www.fambrenner.de\/Kaffeebohne\/wordpress\/wp-json\/wp\/v2\/comments?post=11919"}],"version-history":[{"count":4,"href":"https:\/\/www.fambrenner.de\/Kaffeebohne\/wordpress\/wp-json\/wp\/v2\/pages\/11919\/revisions"}],"predecessor-version":[{"id":11924,"href":"https:\/\/www.fambrenner.de\/Kaffeebohne\/wordpress\/wp-json\/wp\/v2\/pages\/11919\/revisions\/11924"}],"wp:attachment":[{"href":"https:\/\/www.fambrenner.de\/Kaffeebohne\/wordpress\/wp-json\/wp\/v2\/media?parent=11919"}],"curies":[{"name":"wp","href":"https:\/\/api.w.org\/{rel}","templated":true}]}}